{"id":2625,"date":"2021-08-26T11:58:47","date_gmt":"2021-08-26T09:58:47","guid":{"rendered":"https:\/\/casapalma12.es\/?page_id=2625"},"modified":"2025-02-26T17:42:44","modified_gmt":"2025-02-26T15:42:44","slug":"que-fer","status":"publish","type":"page","link":"https:\/\/casapalma12.es\/ca\/que-fer\/","title":{"rendered":"Qu\u00e8 fer"},"content":{"rendered":"<div class=\"wpb-content-wrapper\"><p>[vc_row][vc_column width=&#8221;1\/6&#8243;][\/vc_column][vc_column width=&#8221;2\/3&#8243;]<div id=\"ultimate-heading-773269f1ef6dbc887\" class=\"uvc-heading ult-adjust-bottom-margin ultimate-heading-773269f1ef6dbc887 uvc-1792  uvc-heading-default-font-sizes\" data-hspacer=\"no_spacer\"  data-halign=\"left\" style=\"text-align:left\"><div class=\"uvc-heading-spacer no_spacer\" style=\"top\"><\/div><div class=\"uvc-main-heading ult-responsive\"  data-ultimate-target='.uvc-heading.ultimate-heading-773269f1ef6dbc887 h2'  data-responsive-json-new='{\"font-size\":\"\",\"line-height\":\"\"}' ><h2 style=\"--font-weight:theme;margin-top:50px;\"><\/p>\n<h2>Muntanyes, mar i vinyes en una regi\u00f3 vitivin\u00edcola amb molt a oferir.<\/h2>\n<p><\/h2><\/div><\/div>[vc_column_text css=&#8221;.vc_custom_1739969176595{margin-top: 16px !important;}&#8221;]<\/p>\n<p>Gaudiu d\u2019una casa rural a 10 km del mar Mediterrani i al centre hist\u00f2ric de Vilafranca del Pened\u00e8s. Un espai \u00fanic i centenari per desconnectar, relaxar-se i viure moments inoblidables.<\/p>\n<p><strong>A nom\u00e9s 40 minuts de Barcelona i Tarragona.<\/strong><\/p>\n<p>Al cor del Pened\u00e8s, una zona vitivin\u00edcola amb m\u00e9s de 200 cellers, una zona que us ofereix molt m\u00e9s del que sembla.<\/p>\n<p>[\/vc_column_text][vc_empty_space height=&#8221;72px&#8221;][\/vc_column][vc_column width=&#8221;1\/6&#8243;][\/vc_column][\/vc_row][vc_row full_width=&#8221;stretch_row_content_no_spaces&#8221; gap=&#8221;10&#8243; content_placement=&#8221;top&#8221; css=&#8221;.vc_custom_1740581986278{margin-top: 3% !important;margin-right: 5% !important;margin-bottom: 3% !important;margin-left: 5% !important;}&#8221;][vc_column width=&#8221;1\/3&#8243;]<div id=\"ultimate-heading-928469f1ef6dbc997\" class=\"uvc-heading ult-adjust-bottom-margin ultimate-heading-928469f1ef6dbc997 uvc-2771  uvc-heading-default-font-sizes\" data-hspacer=\"no_spacer\"  data-halign=\"center\" style=\"text-align:center\"><div class=\"uvc-heading-spacer no_spacer\" style=\"top\"><\/div><div class=\"uvc-main-heading ult-responsive\"  data-ultimate-target='.uvc-heading.ultimate-heading-928469f1ef6dbc997 h3'  data-responsive-json-new='{\"font-size\":\"\",\"line-height\":\"\"}' ><h3 style=\"font-weight:bold;margin-bottom:16px;\">Qu\u00e8 fer a Vilafranca?<\/h3><\/div><\/div>[vc_single_image image=&#8221;2901&#8243; img_size=&#8221;full&#8221; alignment=&#8221;center&#8221; style=&#8221;vc_box_rounded&#8221; onclick=&#8221;custom_link&#8221; img_link_target=&#8221;_blank&#8221; css_animation=&#8221;none&#8221; css=&#8221;.vc_custom_1739963326174{border-radius: 10px !important;}&#8221; link=&#8221;https:\/\/www.turismevilafranca.com\/es\/que-hacer-en-vilafranca-del-penedes-0&#8243;][\/vc_column][vc_column width=&#8221;1\/3&#8243;]<div id=\"ultimate-heading-158069f1ef6dbca1b\" class=\"uvc-heading ult-adjust-bottom-margin ultimate-heading-158069f1ef6dbca1b uvc-9153  uvc-heading-default-font-sizes\" data-hspacer=\"no_spacer\"  data-halign=\"center\" style=\"text-align:center\"><div class=\"uvc-heading-spacer no_spacer\" style=\"top\"><\/div><div class=\"uvc-main-heading ult-responsive\"  data-ultimate-target='.uvc-heading.ultimate-heading-158069f1ef6dbca1b h3'  data-responsive-json-new='{\"font-size\":\"\",\"line-height\":\"\"}' ><h3 style=\"font-weight:bold;margin-bottom:16px;\">Descobreix Vilafranca<\/h3><\/div><\/div>[vc_single_image image=&#8221;2903&#8243; img_size=&#8221;full&#8221; alignment=&#8221;center&#8221; style=&#8221;vc_box_rounded&#8221; onclick=&#8221;custom_link&#8221; img_link_target=&#8221;_blank&#8221; css_animation=&#8221;none&#8221; css=&#8221;.vc_custom_1739965145479{border-radius: 5px !important;}&#8221; link=&#8221;https:\/\/www.turismevilafranca.com\/coneix-vilafranca&#8221;][\/vc_column][vc_column width=&#8221;1\/3&#8243;]<div id=\"ultimate-heading-161369f1ef6dbca7c\" class=\"uvc-heading ult-adjust-bottom-margin ultimate-heading-161369f1ef6dbca7c uvc-4863  uvc-heading-default-font-sizes\" data-hspacer=\"no_spacer\"  data-halign=\"center\" style=\"text-align:center\"><div class=\"uvc-heading-spacer no_spacer\" style=\"top\"><\/div><div class=\"uvc-main-heading ult-responsive\"  data-ultimate-target='.uvc-heading.ultimate-heading-161369f1ef6dbca7c h3'  data-responsive-json-new='{\"font-size\":\"\",\"line-height\":\"\"}' ><h3 style=\"font-weight:bold;margin-bottom:16px;\">Enoturisme Pened\u00e8s<\/h3><\/div><\/div>[vc_single_image image=&#8221;2905&#8243; img_size=&#8221;full&#8221; alignment=&#8221;center&#8221; style=&#8221;vc_box_rounded&#8221; onclick=&#8221;custom_link&#8221; img_link_target=&#8221;_blank&#8221; css_animation=&#8221;none&#8221; css=&#8221;.vc_custom_1739963348766{border-radius: 5px !important;}&#8221; link=&#8221;https:\/\/www.penedesturisme.cat\/es&#8221;][\/vc_column][\/vc_row][vc_row full_width=&#8221;stretch_row_content_no_spaces&#8221; gap=&#8221;10&#8243; equal_height=&#8221;yes&#8221; content_placement=&#8221;top&#8221; css=&#8221;.vc_custom_1740581490122{margin-top: 3% !important;margin-right: 5% !important;margin-bottom: 3% !important;margin-left: 5% !important;}&#8221;][vc_column width=&#8221;1\/3&#8243; css=&#8221;.vc_custom_1740584577729{margin-top: 3% !important;margin-bottom: 3% !important;}&#8221;]<div id=\"ultimate-heading-436869f1ef6dbcaf0\" class=\"uvc-heading ult-adjust-bottom-margin ultimate-heading-436869f1ef6dbcaf0 uvc-8051  uvc-heading-default-font-sizes\" data-hspacer=\"no_spacer\"  data-halign=\"center\" style=\"text-align:center\"><div class=\"uvc-heading-spacer no_spacer\" style=\"top\"><\/div><div class=\"uvc-main-heading ult-responsive\"  data-ultimate-target='.uvc-heading.ultimate-heading-436869f1ef6dbcaf0 h3'  data-responsive-json-new='{\"font-size\":\"\",\"line-height\":\"\"}' ><h3 style=\"font-weight:bold;margin-bottom:16px;\">Festa Major<\/h3><\/div><\/div>[vc_single_image image=&#8221;2909&#8243; img_size=&#8221;full&#8221; alignment=&#8221;center&#8221; style=&#8221;vc_box_rounded&#8221; onclick=&#8221;custom_link&#8221; img_link_target=&#8221;_blank&#8221; css_animation=&#8221;none&#8221; css=&#8221;.vc_custom_1739964285539{border-radius: 10px !important;}&#8221; link=&#8221;https:\/\/festamajor.vilafranca.cat\/es&#8221;][\/vc_column][vc_column width=&#8221;1\/3&#8243; css=&#8221;.vc_custom_1740584582957{margin-top: 3% !important;margin-bottom: 3% !important;}&#8221;]<div id=\"ultimate-heading-901569f1ef6dbcb7c\" class=\"uvc-heading ult-adjust-bottom-margin ultimate-heading-901569f1ef6dbcb7c uvc-9709  uvc-heading-default-font-sizes\" data-hspacer=\"no_spacer\"  data-halign=\"center\" style=\"text-align:center\"><div class=\"uvc-heading-spacer no_spacer\" style=\"top\"><\/div><div class=\"uvc-main-heading ult-responsive\"  data-ultimate-target='.uvc-heading.ultimate-heading-901569f1ef6dbcb7c h3'  data-responsive-json-new='{\"font-size\":\"\",\"line-height\":\"\"}' ><h3 style=\"font-weight:bold;margin-bottom:16px;\">Esdeveniments i festes locals<\/h3><\/div><\/div>[vc_single_image image=&#8221;2911&#8243; img_size=&#8221;full&#8221; alignment=&#8221;center&#8221; style=&#8221;vc_box_rounded&#8221; onclick=&#8221;custom_link&#8221; img_link_target=&#8221;_blank&#8221; css_animation=&#8221;none&#8221; css=&#8221;.vc_custom_1739964337322{border-radius: 5px !important;}&#8221; link=&#8221;https:\/\/www.penedesturisme.cat\/es\/eventos-y-fiestas&#8221;][\/vc_column][vc_column width=&#8221;1\/3&#8243; css=&#8221;.vc_custom_1740584587653{margin-top: 3% !important;margin-bottom: 3% !important;}&#8221;]<div id=\"ultimate-heading-951069f1ef6dbcbd1\" class=\"uvc-heading ult-adjust-bottom-margin ultimate-heading-951069f1ef6dbcbd1 uvc-5930  uvc-heading-default-font-sizes\" data-hspacer=\"no_spacer\"  data-halign=\"center\" style=\"text-align:center\"><div class=\"uvc-heading-spacer no_spacer\" style=\"top\"><\/div><div class=\"uvc-main-heading ult-responsive\"  data-ultimate-target='.uvc-heading.ultimate-heading-951069f1ef6dbcbd1 h3'  data-responsive-json-new='{\"font-size\":\"\",\"line-height\":\"\"}' ><h3 style=\"font-weight:bold;margin-bottom:16px;\">Turisme Vilafranca<\/h3><\/div><\/div>[vc_single_image image=&#8221;2913&#8243; img_size=&#8221;full&#8221; alignment=&#8221;center&#8221; style=&#8221;vc_box_rounded&#8221; onclick=&#8221;custom_link&#8221; img_link_target=&#8221;_blank&#8221; css_animation=&#8221;none&#8221; css=&#8221;.vc_custom_1740131653108{border-radius: 5px !important;}&#8221; link=&#8221;https:\/\/www.turismevilafranca.com\/&#8221;][\/vc_column][\/vc_row][vc_row equal_height=&#8221;yes&#8221; content_placement=&#8221;top&#8221; css=&#8221;.vc_custom_1740581371909{margin-top: 3% !important;margin-right: 5% !important;margin-bottom: 3% !important;margin-left: 5% !important;}&#8221; el_class=&#8221;fila&#8221;][vc_column width=&#8221;1\/4&#8243; css=&#8221;.vc_custom_1739968220114{margin-top: 3% !important;}&#8221;]<div id=\"ultimate-heading-56569f1ef6dbcc26\" class=\"uvc-heading ult-adjust-bottom-margin ultimate-heading-56569f1ef6dbcc26 uvc-6305  uvc-heading-default-font-sizes\" data-hspacer=\"no_spacer\"  data-halign=\"left\" style=\"text-align:left\"><div class=\"uvc-heading-spacer no_spacer\" style=\"top\"><\/div><div class=\"uvc-main-heading ult-responsive\"  data-ultimate-target='.uvc-heading.ultimate-heading-56569f1ef6dbcc26 h5'  data-responsive-json-new='{\"font-size\":\"\",\"line-height\":\"\"}' ><h5 style=\"font-weight:bold;\">PENED\u00c8S<\/h5><\/div><\/div>[vc_column_text css=&#8221;.vc_custom_1740581417575{padding-top: 16px !important;padding-right: 0px !important;padding-bottom: 16px !important;padding-left: 0px !important;}&#8221;]<\/p>\n<div style=\"font-size: 14px; text-align: left;\">\n<p><a href=\"https:\/\/www.penedesturisme.cat\/ca\/la-ruta-del-vi-del-penedes\" target=\"_blank\" rel=\"noopener noreferrer\">Enoturisme Penedes<\/a><\/p>\n<p><a href=\"https:\/\/www.vilobi.cat\/\" target=\"_blank\" rel=\"noopener noreferrer\">Vilob\u00ed<\/a><\/p>\n<p><a href=\"https:\/\/www.font-rubi.cat\/\" target=\"_blank\" rel=\"noopener noreferrer\">Font-rub\u00ed<\/a><\/p>\n<p><a href=\"https:\/\/santsadurni.cat\/\" target=\"_blank\" rel=\"noopener noreferrer\">Sant Sadurn\u00ed<\/a><\/p>\n<p><a href=\"https:\/\/www.sitgesanytime.com\/\" target=\"_blank\" rel=\"noopener noreferrer\">Sitges<\/a><\/p>\n<\/div>\n<p>[\/vc_column_text][\/vc_column][vc_column width=&#8221;1\/4&#8243; css=&#8221;.vc_custom_1739968228712{margin-top: 3% !important;}&#8221;]<div id=\"ultimate-heading-567869f1ef6dbcc71\" class=\"uvc-heading ult-adjust-bottom-margin ultimate-heading-567869f1ef6dbcc71 uvc-8177  uvc-heading-default-font-sizes\" data-hspacer=\"no_spacer\"  data-halign=\"left\" style=\"text-align:left\"><div class=\"uvc-heading-spacer no_spacer\" style=\"top\"><\/div><div class=\"uvc-main-heading ult-responsive\"  data-ultimate-target='.uvc-heading.ultimate-heading-567869f1ef6dbcc71 h5'  data-responsive-json-new='{\"font-size\":\"\",\"line-height\":\"\"}' ><h5 style=\"font-weight:bold;\">CULTURA<\/h5><\/div><\/div>[vc_column_text css=&#8221;.vc_custom_1740581410363{padding-top: 16px !important;padding-right: 0px !important;padding-bottom: 16px !important;padding-left: 0px !important;}&#8221;]<\/p>\n<div style=\"font-size: 14px; text-align: left;\">\n<p><a href=\"http:\/\/www.vinseum.cat\/\" target=\"_blank\" rel=\"noopener noreferrer\">Vinseum, museu del Vi<\/a><\/p>\n<p><a href=\"https:\/\/www.larutadelcister.info\/\" target=\"_blank\" rel=\"noopener noreferrer\">La Ruta del Cister<\/a><\/p>\n<p><a href=\"https:\/\/www.montserratvisita.com\/ca\/historia\" target=\"_blank\" rel=\"noopener noreferrer\">Monestir de Montserrat<\/a><\/p>\n<p><a href=\"https:\/\/sagradafamilia.org\/\" target=\"_blank\" rel=\"noopener noreferrer\">Sagrada Fam\u00edlia<\/a><\/p>\n<p><a href=\"https:\/\/www.rutasconhistoria.es\/loc\/castillo-de-sant-marti-sarroca\" target=\"_blank\" rel=\"noopener noreferrer\">Castell de Sant Mart\u00ed<\/a><\/p>\n<p><a href=\"http:\/\/www.macolerdola.cat\/Visita-ns\/Informacio-per-a-la-visita\" target=\"_blank\" rel=\"noopener noreferrer\">Castell d\u2019Ol\u00e8rdola<\/a><\/p>\n<\/div>\n<p>[\/vc_column_text][\/vc_column][vc_column width=&#8221;1\/4&#8243; css=&#8221;.vc_custom_1739968235973{margin-top: 3% !important;}&#8221;]<div id=\"ultimate-heading-116469f1ef6dbccb6\" class=\"uvc-heading ult-adjust-bottom-margin ultimate-heading-116469f1ef6dbccb6 uvc-8867  uvc-heading-default-font-sizes\" data-hspacer=\"no_spacer\"  data-halign=\"left\" style=\"text-align:left\"><div class=\"uvc-heading-spacer no_spacer\" style=\"top\"><\/div><div class=\"uvc-main-heading ult-responsive\"  data-ultimate-target='.uvc-heading.ultimate-heading-116469f1ef6dbccb6 h5'  data-responsive-json-new='{\"font-size\":\"\",\"line-height\":\"\"}' ><h5 style=\"font-weight:bold;\">AVENTURA<\/h5><\/div><\/div>[vc_column_text css=&#8221;.vc_custom_1740581397134{padding-top: 16px !important;padding-bottom: 16px !important;}&#8221;]<\/p>\n<div style=\"font-size: 14px; text-align: left;\">\n<p><a href=\"http:\/\/www.lesdeusaventura.cat\/\" target=\"_blank\" rel=\"noopener noreferrer\">Les Deus Aventura<\/a><\/p>\n<p><a href=\"https:\/\/www.portaventuraworld.com\/\" target=\"_blank\" rel=\"noopener noreferrer\">Portaventura<\/a><\/p>\n<p><a href=\"https:\/\/letsvelo.com\/\" target=\"_blank\" rel=\"noopener noreferrer\">Letsvelo Wine Bike Tours<\/a><\/p>\n<p><a href=\"https:\/\/canbruna.cat\/\" target=\"_blank\" rel=\"noopener noreferrer\">Can Bruna<\/a><\/p>\n<p><a href=\"https:\/\/www.roomiaescape.com\/\" target=\"_blank\" rel=\"noopener noreferrer\">Roomia Escape<\/a><\/p>\n<\/div>\n<p>[\/vc_column_text][\/vc_column][vc_column width=&#8221;1\/4&#8243; css=&#8221;.vc_custom_1739968243755{margin-top: 3% !important;}&#8221;]<div id=\"ultimate-heading-966569f1ef6dbcd1d\" class=\"uvc-heading ult-adjust-bottom-margin ultimate-heading-966569f1ef6dbcd1d uvc-2774  uvc-heading-default-font-sizes\" data-hspacer=\"no_spacer\"  data-halign=\"left\" style=\"text-align:left\"><div class=\"uvc-heading-spacer no_spacer\" style=\"top\"><\/div><div class=\"uvc-main-heading ult-responsive\"  data-ultimate-target='.uvc-heading.ultimate-heading-966569f1ef6dbcd1d h5'  data-responsive-json-new='{\"font-size\":\"\",\"line-height\":\"\"}' ><h5 style=\"font-weight:bold;\">NATURA<\/h5><\/div><\/div>[vc_column_text css=&#8221;.vc_custom_1740581383586{padding-top: 16px !important;padding-bottom: 16px !important;}&#8221;]<\/p>\n<div style=\"font-size: 14px; text-align: left;\">\n<p><a href=\"http:\/\/www.parcdelstalls.cat\/\" target=\"_blank\" rel=\"noopener noreferrer\">Parc dels Talls<\/a><\/p>\n<p><a href=\"https:\/\/www.montserratvisita.com\/es\/naturaleza\/parque-natural\" target=\"_blank\" rel=\"noopener noreferrer\">Montserrat<\/a><\/p>\n<p><a href=\"https:\/\/www.visitsitges.com\/parc-del-garraf\/\" target=\"_blank\" rel=\"noopener noreferrer\">Parc del Garraf<\/a><\/p>\n<p><a href=\"https:\/\/torrellesdefoix.cat\/turisme-i-cultura\/les-fonts-del-municipi\/\" target=\"_blank\" rel=\"noopener noreferrer\">Les Dous<\/a><\/p>\n<p><a href=\"https:\/\/parcs.diba.cat\/web\/olerdola\/inici\" target=\"_blank\" rel=\"noopener noreferrer\">Parc Natural Ol\u00e8rdola<\/a><\/p>\n<\/div>\n<p>[\/vc_column_text][\/vc_column][\/vc_row]<\/p>\n<\/div>","protected":false},"excerpt":{"rendered":"<p>[vc_row][vc_column width=&#8221;1\/6&#8243;][\/vc_column][vc_column width=&#8221;2\/3&#8243;][vc_column_text css=&#8221;.vc_custom_1739969176595{margin-top: 16px !important;}&#8221;] Gaudiu d\u2019una casa rural a 10 km del mar Mediterrani i al centre hist\u00f2ric de Vilafranca del Pened\u00e8s. Un espai \u00fanic i centenari per desconnectar, relaxar-se i viure moments inoblidables. A nom\u00e9s 40 minuts de Barcelona i Tarragona. Al cor del Pened\u00e8s, una zona vitivin\u00edcola amb m\u00e9s de 200&hellip;<\/p>\n","protected":false},"author":1,"featured_media":0,"parent":0,"menu_order":0,"comment_status":"closed","ping_status":"closed","template":"","meta":{"footnotes":""},"class_list":["post-2625","page","type-page","status-publish","hentry","description-off"],"_links":{"self":[{"href":"https:\/\/casapalma12.es\/ca\/wp-json\/wp\/v2\/pages\/2625","targetHints":{"allow":["GET"]}}],"collection":[{"href":"https:\/\/casapalma12.es\/ca\/wp-json\/wp\/v2\/pages"}],"about":[{"href":"https:\/\/casapalma12.es\/ca\/wp-json\/wp\/v2\/types\/page"}],"author":[{"embeddable":true,"href":"https:\/\/casapalma12.es\/ca\/wp-json\/wp\/v2\/users\/1"}],"replies":[{"embeddable":true,"href":"https:\/\/casapalma12.es\/ca\/wp-json\/wp\/v2\/comments?post=2625"}],"version-history":[{"count":3,"href":"https:\/\/casapalma12.es\/ca\/wp-json\/wp\/v2\/pages\/2625\/revisions"}],"predecessor-version":[{"id":5332,"href":"https:\/\/casapalma12.es\/ca\/wp-json\/wp\/v2\/pages\/2625\/revisions\/5332"}],"wp:attachment":[{"href":"https:\/\/casapalma12.es\/ca\/wp-json\/wp\/v2\/media?parent=2625"}],"curies":[{"name":"wp","href":"https:\/\/api.w.org\/{rel}","templated":true}]}}